{"id":855,"date":"2014-12-04T09:13:16","date_gmt":"2014-12-04T09:13:16","guid":{"rendered":"http:\/\/localhost\/?page_id=855"},"modified":"2025-09-12T09:07:54","modified_gmt":"2025-09-12T09:07:54","slug":"bemutatkozas","status":"publish","type":"page","link":"https:\/\/www.gardonyimor.hu\/","title":{"rendered":"Bemutatkoz\u00e1s"},"content":{"rendered":"\n<p class=\"has-text-align-center\"><strong>A M\u00f3ri G\u00e1rdonyi G\u00e9za, \u00d3voda, \u00c1ltal\u00e1nos Iskola, Szakiskola, K\u00e9szs\u00e9gfejleszt\u0151 Iskola, Fejleszt\u0151 Nevel\u00e9s-Oktat\u00e1st V\u00e9gz\u0151 Iskola, Egys\u00e9ges Gy\u00f3gypedag\u00f3giai M\u00f3dszertani Int\u00e9zm\u00e9ny<\/strong><\/p>\n\n\n<p style=\"text-align: center;\">M\u00f3r, V\u00e9rtes utca 67.<br \/>OM 038490<\/p>\n\n\n<p>Iskol\u00e1nk k\u00f6rzeti feladatokat ell\u00e1t\u00f3 int\u00e9zm\u00e9ny. M\u00f3r belv\u00e1ros\u00e1t\u00f3l 5 perc s\u00e9t\u00e1ra, m\u00e9gis nyugodt, parkos\u00edtott k\u00f6rnyezetben helyezkedik el.<\/p>\n\n\n<div class=\"wp-block-image\">\n<figure class=\"aligncenter size-large\"><img loading=\"lazy\" decoding=\"async\" width=\"422\" height=\"317\" src=\"https:\/\/www.gardonyimor.hu\/wp-content\/uploads\/2024\/09\/image.png\" alt=\"\" class=\"wp-image-24045\" srcset=\"https:\/\/www.gardonyimor.hu\/wp-content\/uploads\/2024\/09\/image.png 422w, https:\/\/www.gardonyimor.hu\/wp-content\/uploads\/2024\/09\/image-300x225.png 300w\" sizes=\"auto, (max-width: 422px) 100vw, 422px\" \/><\/figure>\n<\/div>\n\n\n<p><strong>Tanul\u00e1sban akad\u00e1lyozott, \u00e9rtelmileg akad\u00e1lyozott, s\u00falyosan, halmozottan fogyat\u00e9kos, \u00e9s autisztikus gyermekek, tanul\u00f3k <\/strong>nevel\u00e9s-oktat\u00e1s\u00e1t v\u00e9gezz\u00fck.<br><strong>K\u00eds\u00e9r\u0151vel <\/strong>sz\u00e1ll\u00edtja az <strong>iskolabusz <\/strong>tanul\u00f3ink nagy r\u00e9sz\u00e9t Cset\u00e9ny-Sz\u00e1p\u00e1r-Bakonycsernye-Balinka-Bodajk-M\u00f3r \u00fatvonalon.<br>Szerep\u00fcnk fontos a t\u00f6bbs\u00e9gi iskolai k\u00f6vetelm\u00e9nyeknek megfelelni nem tud\u00f3 gyermekek \u00e9s sz\u00fcleik sz\u00e1m\u00e1ra.<\/p>\n\n\n<div class=\"wp-block-image\">\n<figure class=\"aligncenter size-large\"><img loading=\"lazy\" decoding=\"async\" width=\"422\" height=\"317\" src=\"https:\/\/www.gardonyimor.hu\/wp-content\/uploads\/2024\/09\/image-1.png\" alt=\"\" class=\"wp-image-24046\" srcset=\"https:\/\/www.gardonyimor.hu\/wp-content\/uploads\/2024\/09\/image-1.png 422w, https:\/\/www.gardonyimor.hu\/wp-content\/uploads\/2024\/09\/image-1-300x225.png 300w\" sizes=\"auto, (max-width: 422px) 100vw, 422px\" \/><\/figure>\n<\/div>\n\n\n<p>Tanul\u00f3l\u00e9tsz\u00e1munk k\u00f6zel \u00e1lland\u00f3 \u00e9rt\u00e9ket mutat, az idei tan\u00e9vet 96 (<strong>M\u00f3r sz\u00e9khely<\/strong>) \u00e9s <strong>Tagint\u00e9zm\u00e9ny\u00fcnkn\u00e9l Bicsk\u00e9n 31<\/strong> tanul\u00f3val kezdt\u00fck meg. \u00d6n\u00e1ll\u00f3 \u00e9s \u00f6sszevont oszt\u00e1lyokat hoztunk l\u00e9tre. Ezekben a csoportokban intenz\u00edv differenci\u00e1l\u00e1ssal, egy\u00e9nre szabott temp\u00f3ban a komplex alapprogram alkalmaz\u00e1s\u00e1val, \u00e9s gy\u00f3gypedag\u00f3giai asszisztensek seg\u00edts\u00e9g\u00e9vel tudunk min\u0151s\u00e9gi munk\u00e1t v\u00e9gezni.<br>Csoportjaink\/oszt\u00e1lyok:<br><strong>\u00f3voda 1 csoport,<br>fejleszt\u0151-nevel\u00e9s-oktat\u00e1s1 csoport<br>\u00e1ltal\u00e1nos iskola oszt\u00e1lyai: <\/strong>1; 1-2; 3, 4-5; 3-4-5; 7; 6-8;<br>Az \u00e1ltal\u00e1nos iskolai oszt\u00e1lyaink <strong>eg\u00e9sznapos iskolak\u00e9nt<\/strong> m\u0171k\u00f6dnek, minden tanul\u00f3nak biztos\u00edtani tudjuk a d\u00e9lut\u00e1ni foglalkoz\u00e1st, szabadid\u0151s tev\u00e9kenys\u00e9get, felz\u00e1rk\u00f3ztat\u00e1st \u00e9s a tanul\u00f3szob\u00e1t.<br>A <strong>szakiskol\u00e1nkban <\/strong>10. kerti munk\u00e1s oszt\u00e1ly folytatta tanulm\u00e1nyait, szakmai ismereteinek gyarap\u00edt\u00e1s\u00e1t. Az idei tan\u00e9v v\u00e9g\u00e9n szakmunk\u00e1s bizony\u00edtv\u00e1nyt szereznek.<\/p>\n\n\n\n<p><strong>K\u00e9szs\u00e9gfejleszt\u0151 iskol\u00e1nkban<\/strong> a k\u00f6z\u00e9ps\u00falyosan \u00e9rtelmi fogyat\u00e9kos tanul\u00f3ink 10-11. oszt\u00e1lyosok. A 11. \u00e9vfolyamosok az udvaros szakmai gyakorlati programot saj\u00e1t\u00edtja el.<\/p>\n\n\n\n<p>Technikai felt\u00e9telek:<br>A tanul\u00f3inkat 10 <strong>szaktanteremben<\/strong>, egy <strong>k\u00f6nyvt\u00e1rszob\u00e1ban<\/strong>, egy <strong>tornaszob\u00e1ban<\/strong>, egy <strong>mozg\u00e1sfejleszt\u0151 teremben<\/strong>, egy bels\u0151 \u00e9s egy k\u00fcls\u0151 <strong>sportp\u00e1ly\u00e1n<\/strong>, k\u00e9t <strong>tanm\u0171helyben<\/strong>, \u00e9s egy\u00e9ni foglalkoz\u00e1sokat lehet\u0151v\u00e9 tev\u0151 t\u00f6bb kisebb <strong>fejleszt\u0151 szob\u00e1ban<\/strong> foglalkoztatjuk. Int\u00e9zm\u00e9ny\u00fcnk rendelkezik egy j\u00f3l felszerelt orvosi szob\u00e1val. <strong>Snoezelen ter\u00e1pi\u00e1s<\/strong> szob\u00e1val, \u00e9s <strong>s\u00f3szob\u00e1val, taktilis \u00f6sv\u00e9nnyel<\/strong>. Az idei \u00e9v tervei k\u00f6z\u00f6tt van egy Audio Vizu\u00e1lis Stimul\u00e1l\u00f3 eszk\u00f6z\u00f6kkel felszerelt szoba kialak\u00edt\u00e1sa, a pedag\u00f3gusok az eszk\u00f6z\u00f6k haszn\u00e1lat\u00e1hoz feljogos\u00edt\u00f3 k\u00e9pz\u00e9st m\u00e1r kor\u00e1bban elv\u00e9gezt\u00e9k.<br>A <strong>j\u00e1tsz\u00f3ter\u00fcnk <\/strong>a kicsik \u00f6nfeledt kikapcsol\u00f3d\u00e1s\u00e1t szolg\u00e1lja, a tankert\u00fcnk pedig a szakiskol\u00e1sainknak ny\u00fajt terepet elm\u00e9leti ismereteik gyakorlati alkalmaz\u00e1s\u00e1ra.<br>A testnevel\u00e9s \u00f3r\u00e1k keret\u00e9ben az \u00e1ltal\u00e1nos iskolai oszt\u00e1lyok <strong>fels\u0151 tagozatos di\u00e1kjai \u00fasz\u00e1soktat\u00e1sban r\u00e9szes\u00fclnek<\/strong>, heti egy alkalommal, a s\u00e9t\u00e1lva megk\u00f6zel\u00edthet\u0151 v\u00e1rosi uszod\u00e1ban.<\/p>\n\n\n\n<p>A <strong>speci\u00e1lis fejleszt\u00e9sre<\/strong> szorul\u00f3kat:<br>autizmus specifikus fejleszt\u00e9s<br>logop\u00e9dus, (besz\u00e9dfejleszt\u00e9s)<br>tiflopedag\u00f3gus, (l\u00e1t\u00e1sfejleszt\u00e9s)<br>szurdopedag\u00f3gus (hall\u00e1sfejleszt\u00e9s)<br>szomatopedag\u00f3gus, (mozg\u00e1sfejleszt\u00e9s) l\u00e1tja el.<\/p>\n\n\n\n<p>Eszk\u00f6zk\u00e9szlet\u00fcnk folyamatosan meg\u00fajul, csak\u00fagy, mint a m\u00f3dszertani felk\u00e9sz\u00fclts\u00e9g\u00fcnk, a <strong>komplex alapprogram<\/strong> bevezet\u00e9s\u00e9vel cs\u00f6kkenteni k\u00edv\u00e1njuk a korai iskolaelhagy\u00e1st, er\u0151s\u00edteni a h\u00e1tr\u00e1nykompenz\u00e1ci\u00f3t.<br>A p\u00e1ly\u00e1zatok \u00e1ltal ny\u00fajtott lehet\u0151s\u00e9geket kihaszn\u00e1ljuk, ismereteinket folyamatosan b\u0151v\u00edtj\u00fck, tov\u00e1bbk\u00e9pz\u00e9seken vesz\u00fcnk r\u00e9szt, \u00fajabb szakk\u00e9pzetts\u00e9geket szerz\u00fcnk.<br>Utaz\u00f3 ell\u00e1t\u00e1s keret\u00e9ben gy\u00f3gypedag\u00f3gusaink M\u00f3ri J\u00e1r\u00e1s ter\u00fclet\u00e9n elhelyezked\u0151 nevel\u00e9si-oktat\u00e1si int\u00e9zm\u00e9nyekben seg\u00edtik a fejleszt\u00e9sre szorul\u00f3 gyermekeket.<br>Int\u00e9zm\u00e9ny\u00fcnk minden tan\u00edt\u00e1si napon 7-18 \u00f3ra k\u00f6z\u00f6tt tart nyitva.<\/p>\n\n\n\n<p class=\"has-text-align-center\"><strong>Szakmai k\u00edn\u00e1latunk a 2025-26-os tan\u00e9vben<\/strong><\/p>\n\n\n\n<p class=\"has-text-align-left\">Kerti munk\u00e1s r\u00e9szszakk\u00e9pes\u00edt\u00e9s<\/p>\n\n\n\n<figure class=\"wp-block-gallery has-nested-images columns-default is-cropped wp-block-gallery-1 is-layout-flex wp-block-gallery-is-layout-flex\">\n<figure class=\"wp-block-image size-large\"><img loading=\"lazy\" decoding=\"async\" width=\"234\" height=\"234\" data-id=\"24047\" src=\"https:\/\/www.gardonyimor.hu\/wp-content\/uploads\/2024\/09\/image-2.png\" alt=\"\" class=\"wp-image-24047\" srcset=\"https:\/\/www.gardonyimor.hu\/wp-content\/uploads\/2024\/09\/image-2.png 234w, https:\/\/www.gardonyimor.hu\/wp-content\/uploads\/2024\/09\/image-2-150x150.png 150w\" sizes=\"auto, (max-width: 234px) 100vw, 234px\" \/><\/figure>\n\n\n\n<figure class=\"wp-block-image size-large\"><img loading=\"lazy\" decoding=\"async\" width=\"234\" height=\"234\" data-id=\"24048\" src=\"https:\/\/www.gardonyimor.hu\/wp-content\/uploads\/2024\/09\/image-3.png\" alt=\"\" class=\"wp-image-24048\" srcset=\"https:\/\/www.gardonyimor.hu\/wp-content\/uploads\/2024\/09\/image-3.png 234w, https:\/\/www.gardonyimor.hu\/wp-content\/uploads\/2024\/09\/image-3-150x150.png 150w\" sizes=\"auto, (max-width: 234px) 100vw, 234px\" \/><\/figure>\n\n\n\n<figure class=\"wp-block-image size-large\"><img loading=\"lazy\" decoding=\"async\" width=\"234\" height=\"234\" data-id=\"24049\" src=\"https:\/\/www.gardonyimor.hu\/wp-content\/uploads\/2024\/09\/image-4.png\" alt=\"\" class=\"wp-image-24049\" srcset=\"https:\/\/www.gardonyimor.hu\/wp-content\/uploads\/2024\/09\/image-4.png 234w, https:\/\/www.gardonyimor.hu\/wp-content\/uploads\/2024\/09\/image-4-150x150.png 150w\" sizes=\"auto, (max-width: 234px) 100vw, 234px\" \/><\/figure>\n<\/figure>\n\n\n\n<p><strong>K\u00e9pz\u00e9s c\u00e9lja<\/strong>: A h\u00e1z k\u00f6r\u00fcli \u00e9s h\u00e1zt\u00e1ji d\u00edszkertekben \u00e9s \u00e1rutermel\u0151 kertekben az alapvet\u0151 kert\u00e9szeti tev\u00e9kenys\u00e9gek elv\u00e9gz\u00e9s\u00e9re alkalmas munk\u00e1sok szakk\u00e9pzetts\u00e9g\u00e9nek tan\u00fas\u00edt\u00e1s\u00e1ra. A kerti haszonn\u00f6v\u00e9nyek szakszer\u0171 sz\u00fcretel\u00e9si, \u00e1rukik\u00e9sz\u00edt\u00e9si, t\u00e1rol\u00e1si munk\u00e1inak ell\u00e1t\u00e1sa. D\u00edszkertekben a d\u00edszf\u00e1k, d\u00edszcserj\u00e9k gondoz\u00e1s\u00e1ra, a gyep- \u00e9s vir\u00e1gfel\u00fclet, valamint a bels\u0151 utak karban-tart\u00e1s\u00e1ra, olyan n\u00f6v\u00e9nytermeszt\u00e9si tev\u00e9kenys\u00e9g v\u00e9gz\u00e9s\u00e9re, mely z\u00f6m\u00e9ben fizikai munk\u00e1t jelent.<\/p>\n\n\n<div class=\"wp-block-image\">\n<figure class=\"aligncenter size-full\"><img loading=\"lazy\" decoding=\"async\" width=\"635\" height=\"358\" src=\"https:\/\/www.gardonyimor.hu\/wp-content\/uploads\/2025\/09\/image.png\" alt=\"\" class=\"wp-image-25160\" srcset=\"https:\/\/www.gardonyimor.hu\/wp-content\/uploads\/2025\/09\/image.png 635w, https:\/\/www.gardonyimor.hu\/wp-content\/uploads\/2025\/09\/image-300x169.png 300w\" sizes=\"auto, (max-width: 635px) 100vw, 635px\" \/><\/figure>\n<\/div>\n\n\n<p>A szakk\u00e9pes\u00edtett kerti munk\u00e1s v\u00e1llalkozhat a legfontosabb kerti haszonn\u00f6v\u00e9nyek, a leggyakrabban alkalmazott kerti d\u00edszn\u00f6v\u00e9nyek telep\u00edt\u00e9s\u00e9re, felnevel\u00e9s\u00fck alapvet\u0151 munk\u00e1inak elv\u00e9gz\u00e9s\u00e9re. A term\u0151kor\u00fa gy\u00fcm\u00f6lcsf\u00e1k \u00e9s sz\u0151l\u0151 fenntart\u00f3-karbantart\u00f3 technol\u00f3giai m\u0171veleteinek, az \u00e9ves \u00e1pol\u00e1si munk\u00e1inak v\u00e9gz\u00e9s\u00e9re. A z\u00f6lds\u00e9gf\u00e9l\u00e9k termeszt\u00e9stechnol\u00f3giai m\u0171veleteinek alkalmaz\u00e1s\u00e1ra. A kerti haszonn\u00f6v\u00e9nyek szakszer\u0171 sz\u00fcretel\u00e9si, \u00e1rukik\u00e9sz\u00edt\u00e9si, t\u00e1rol\u00e1si munk\u00e1inak ell\u00e1t\u00e1s\u00e1ra v\u00e1lik alkalmass\u00e1.<\/p>\n\n\n<div class=\"wp-block-image is-resized is-style-default\">\n<figure class=\"alignright size-full\"><img loading=\"lazy\" decoding=\"async\" width=\"448\" height=\"577\" src=\"http:\/\/www.gardonyimor.hu\/wp-content\/uploads\/2023\/05\/suranyine-anna.jpg\" alt=\"\" class=\"wp-image-21149\" style=\"width:200px\" srcset=\"https:\/\/www.gardonyimor.hu\/wp-content\/uploads\/2023\/05\/suranyine-anna.jpg 448w, https:\/\/www.gardonyimor.hu\/wp-content\/uploads\/2023\/05\/suranyine-anna-233x300.jpg 233w\" sizes=\"auto, (max-width: 448px) 100vw, 448px\" \/><figcaption class=\"wp-element-caption\">Sur\u00e1nyi G\u00e1born\u00e9<br> igazgat\u00f3<\/figcaption><\/figure>\n<\/div>","protected":false},"excerpt":{"rendered":"<p>A M\u00f3ri G\u00e1rdonyi G\u00e9za, \u00d3voda, \u00c1ltal\u00e1nos Iskola, Szakiskola, K\u00e9szs\u00e9gfejleszt\u0151 Iskola, Fejleszt\u0151 Nevel\u00e9s-Oktat\u00e1st V\u00e9gz\u0151 Iskola, Egys\u00e9ges Gy\u00f3gypedag\u00f3giai M\u00f3dszertani Int\u00e9zm\u00e9ny M\u00f3r, V\u00e9rtes utca 67.OM 038490 Iskol\u00e1nk k\u00f6rzeti feladatokat ell\u00e1t\u00f3 int\u00e9zm\u00e9ny. M\u00f3r belv\u00e1ros\u00e1t\u00f3l 5 perc s\u00e9t\u00e1ra, m\u00e9gis nyugodt, parkos\u00edtott k\u00f6rnyezetben helyezkedik el. Tanul\u00e1sban akad\u00e1lyozott, \u00e9rtelmileg akad\u00e1lyozott, s\u00falyosan, halmozottan fogyat\u00e9kos, \u00e9s autisztikus gyermekek, tanul\u00f3k nevel\u00e9s-oktat\u00e1s\u00e1t v\u00e9gezz\u00fck.K\u00eds\u00e9r\u0151vel sz\u00e1ll\u00edtja az iskolabusz [&hellip;]<\/p>\n","protected":false},"author":1,"featured_media":0,"parent":0,"menu_order":0,"comment_status":"closed","ping_status":"open","template":"","meta":{"footnotes":""},"class_list":["post-855","page","type-page","status-publish","hentry"],"_links":{"self":[{"href":"https:\/\/www.gardonyimor.hu\/index.php?rest_route=\/wp\/v2\/pages\/855","targetHints":{"allow":["GET"]}}],"collection":[{"href":"https:\/\/www.gardonyimor.hu\/index.php?rest_route=\/wp\/v2\/pages"}],"about":[{"href":"https:\/\/www.gardonyimor.hu\/index.php?rest_route=\/wp\/v2\/types\/page"}],"author":[{"embeddable":true,"href":"https:\/\/www.gardonyimor.hu\/index.php?rest_route=\/wp\/v2\/users\/1"}],"replies":[{"embeddable":true,"href":"https:\/\/www.gardonyimor.hu\/index.php?rest_route=%2Fwp%2Fv2%2Fcomments&post=855"}],"version-history":[{"count":88,"href":"https:\/\/www.gardonyimor.hu\/index.php?rest_route=\/wp\/v2\/pages\/855\/revisions"}],"predecessor-version":[{"id":25163,"href":"https:\/\/www.gardonyimor.hu\/index.php?rest_route=\/wp\/v2\/pages\/855\/revisions\/25163"}],"wp:attachment":[{"href":"https:\/\/www.gardonyimor.hu\/index.php?rest_route=%2Fwp%2Fv2%2Fmedia&parent=855"}],"curies":[{"name":"wp","href":"https:\/\/api.w.org\/{rel}","templated":true}]}}